{"id":8861,"date":"2023-08-11T08:15:01","date_gmt":"2023-08-11T06:15:01","guid":{"rendered":"https:\/\/localhost\/?page_id=8861"},"modified":"2024-04-05T08:57:02","modified_gmt":"2024-04-05T06:57:02","slug":"aktualis-hireink","status":"publish","type":"page","link":"https:\/\/artinoffice.org\/hu\/aktualis-hireink\/","title":{"rendered":"Aktu\u00e1lis h\u00edreink"},"content":{"rendered":"<section class=\"l-section wpb_row us_custom_6e704393 height_medium with_img\"><div class=\"l-section-img\" style=\"background-image: url(https:\/\/artinoffice.org\/wp-content\/plugins\/us-core\/assets\/images\/placeholder.svg);\"><\/div><div class=\"l-section-h i-cf\"><div class=\"g-cols vc_row via_flex valign_top type_default stacking_default\"><div class=\"vc_col-sm-12 wpb_column vc_column_container\"><div class=\"vc_column-inner\"><div class=\"wpb_wrapper\">[vc_custom_heading text=&#8221;Aktu\u00e1lis h\u00edreink&#8221; font_container=&#8221;tag:h2|font_size:40px|text_align:center|color:%23ffffff&#8221; use_theme_fonts=&#8221;yes&#8221; css=&#8221;%7B%22default%22%3A%7B%22font-weight%22%3A%22800%22%7D%7D&#8221;]<div class=\"w-separator size_small\"><\/div><div class=\"g-cols wpb_row via_flex valign_top type_default stacking_default\"><div class=\"vc_col-sm-3 wpb_column vc_column_container\"><div class=\"vc_column-inner\"><div class=\"wpb_wrapper\"><\/div><\/div><\/div><div class=\"vc_col-sm-6 wpb_column vc_column_container\"><div class=\"vc_column-inner\"><div class=\"wpb_wrapper\"><div class=\"wpb_text_column\"><div class=\"wpb_wrapper\"><\/div><\/div><\/div><\/div><\/div><div class=\"vc_col-sm-3 wpb_column vc_column_container\"><div class=\"vc_column-inner\"><div class=\"wpb_wrapper\"><\/div><\/div><\/div><\/div><\/div><\/div><\/div><\/div><\/div><\/section><section class=\"l-section wpb_row height_medium\"><div class=\"l-section-h i-cf\"><div class=\"g-cols vc_row via_flex valign_top type_default stacking_default\"><div class=\"vc_col-sm-12 wpb_column vc_column_container\"><div class=\"vc_column-inner\"><div class=\"wpb_wrapper\"><div class=\"w-grid type_grid layout_8169 cols_3 overflow_hidden\" id=\"us_grid_1\" data-filterable=\"true\"><style>#us_grid_1 .w-grid-item{padding:1.5rem}#us_grid_1 .w-grid-list{margin:-1.5rem -1.5rem 1.5rem}.w-grid + #us_grid_1 .w-grid-list,.w-grid-none + #us_grid_1 .w-grid-list{margin-top:1.5rem}@media (max-width:768px){#us_grid_1 .w-grid-item{width:50%}}@media (max-width:768px){#us_grid_1 .w-grid-list{margin:0}#us_grid_1 .w-grid-item{width:100%;padding:0;margin-bottom:1.5rem}}.layout_8169 .w-grid-item-h{background:var(--color-content-bg);color:var(--color-content-text);border-radius:0.3rem;box-shadow:0 0.03rem 0.06rem rgba(0,0,0,0.1),0 0.1rem 0.3rem rgba(0,0,0,0.1);transition-duration:0.3s}.no-touch .layout_8169 .w-grid-item-h:hover{box-shadow:0 0.1rem 0.2rem rgba(0,0,0,0.1),0 0.33rem 1rem rgba(0,0,0,0.15);z-index:4}.layout_8169 .usg_image_1{transition-duration:0.3s;transform-origin:50% 50%;transform:scale(1) translate(0%,0%)}.layout_8169 .w-grid-item-h:hover .usg_image_1{transform:scale(1) translate(15%,0%);opacity:1}.layout_8169 .usg_post_image_1{height:15rem!important;margin-bottom:-2rem!important}.layout_8169 .usg_post_title_1{font-size:1.4rem!important;font-weight:700!important;min-height:60px!important}.layout_8169 .usg_vwrapper_1{height:330px!important;margin-top:2rem!important;padding:9% 11% 11% 11%!important}.layout_8169 .usg_hwrapper_1{color:var(--color-content-faded)!important;font-size:0.9rem!important}.layout_8169 .usg_post_content_1{max-height:140px!important;min-height:140px!important}.layout_8169 .usg_btn_1{margin:auto auto 0 1.5rem!important}.layout_8169 .usg_image_1{width:5rem!important;height:auto!important;margin:0 auto 1.5rem 2.5rem!important}.layout_8169 .usg_vwrapper_2{bottom:0!important}@media (min-width:769px) and (max-width:1280px){.layout_8169 .usg_vwrapper_1{height:330px!important}}@media (min-width:769px) and (max-width:768px){.layout_8169 .usg_vwrapper_1{height:auto!important}}@media (max-width:768px){.layout_8169 .usg_post_title_1{font-size:1.2rem!important}.layout_8169 .usg_vwrapper_1{height:auto!important}}<\/style><div class=\"w-grid-list\">\t<article class=\"w-grid-item post-14403 post type-post status-publish format-standard has-post-thumbnail hentry category-art-gallery-hu category-art-of-info\" data-id=\"14403\">\n\t\t<div class=\"w-grid-item-h\">\n\t\t\t\t\t\t<div class=\"w-post-elm post_image usg_post_image_1 object-position-top has_height stretched\"><a href=\"https:\/\/artinoffice.org\/hu\/2025\/09\/25\/home-office\/\" aria-label=\"HOME \/\/ OFFICE\"><img loading=\"lazy\" decoding=\"async\" width=\"600\" height=\"600\" src=\"https:\/\/artinoffice.org\/wp-content\/uploads\/2025\/09\/silyejulia_art_9SQ4CrgBLX-600x600.jpg\" class=\"attachment-us_600_600_crop size-us_600_600_crop wp-post-image\" alt=\"\" srcset=\"https:\/\/artinoffice.org\/wp-content\/uploads\/2025\/09\/silyejulia_art_9SQ4CrgBLX-600x600.jpg 600w, https:\/\/artinoffice.org\/wp-content\/uploads\/2025\/09\/silyejulia_art_9SQ4CrgBLX-150x150.jpg 150w\" sizes=\"auto, (max-width: 600px) 100vw, 600px\" \/><\/a><\/div><div class=\"w-vwrapper usg_vwrapper_1 align_none valign_top\"><h2 class=\"w-post-elm post_title usg_post_title_1 entry-title color_link_inherit\"><a href=\"https:\/\/artinoffice.org\/hu\/2025\/09\/25\/home-office\/\">HOME \/\/ OFFICE<\/a><\/h2><div class=\"w-hwrapper usg_hwrapper_1 has_text_color align_justify valign_top wrap\" style=\"--hwrapper-gap:1.20rem\"><div class=\"w-post-elm post_content usg_post_content_1\"><p>Az ASTRASUN Solar Nyrt. els\u0151 irodagal\u00e9ria megnyit\u00f3j\u00e1ra k\u00e9sz\u00fcl 2025 m\u00e1rcius\u00e1ban.<\/p>\n<\/div><\/div><\/div><div class=\"w-vwrapper usg_vwrapper_2 align_none valign_top\"><a class=\"w-btn us-btn-style_30 usg_btn_1 icon_atright\" href=\"#\"><span class=\"w-btn-label\">B\u0151vebben<\/span><i class=\"fas fa-arrow-right\"><\/i><\/a><div class=\"w-image usg_image_1\"><div class=\"w-image-h\"><img loading=\"lazy\" decoding=\"async\" width=\"1024\" height=\"1024\" src=\"https:\/\/artinoffice.org\/wp-content\/uploads\/2023\/09\/elvalaszto.svg\" class=\"attachment-large size-large\" alt=\"\" \/><\/div><\/div><\/div>\t\t<\/div>\n\t<\/article>\n\t<article class=\"w-grid-item post-14329 post type-post status-publish format-standard has-post-thumbnail hentry category-art-gallery-hu category-art-of-info\" data-id=\"14329\">\n\t\t<div class=\"w-grid-item-h\">\n\t\t\t\t\t\t<div class=\"w-post-elm post_image usg_post_image_1 object-position-top has_height stretched\"><a href=\"https:\/\/artinoffice.org\/hu\/2025\/03\/25\/uj-irodagaleria-nyilik-budan-a-ii-kerulet-sziveben\/\" aria-label=\"\u00daj irodagal\u00e9ria ny\u00edlik Bud\u00e1n, a II. ker\u00fclet sz\u00edv\u00e9ben.\"><img loading=\"lazy\" decoding=\"async\" width=\"600\" height=\"600\" src=\"https:\/\/artinoffice.org\/wp-content\/uploads\/2025\/03\/szimbiozis-min-600x600.webp\" class=\"attachment-us_600_600_crop size-us_600_600_crop wp-post-image\" alt=\"\" srcset=\"https:\/\/artinoffice.org\/wp-content\/uploads\/2025\/03\/szimbiozis-min-600x600.webp 600w, https:\/\/artinoffice.org\/wp-content\/uploads\/2025\/03\/szimbiozis-min-150x150.webp 150w\" sizes=\"auto, (max-width: 600px) 100vw, 600px\" \/><\/a><\/div><div class=\"w-vwrapper usg_vwrapper_1 align_none valign_top\"><h2 class=\"w-post-elm post_title usg_post_title_1 entry-title color_link_inherit\"><a href=\"https:\/\/artinoffice.org\/hu\/2025\/03\/25\/uj-irodagaleria-nyilik-budan-a-ii-kerulet-sziveben\/\">\u00daj irodagal\u00e9ria ny\u00edlik Bud\u00e1n, a II. ker\u00fclet sz\u00edv\u00e9ben.<\/a><\/h2><div class=\"w-hwrapper usg_hwrapper_1 has_text_color align_justify valign_top wrap\" style=\"--hwrapper-gap:1.20rem\"><div class=\"w-post-elm post_content usg_post_content_1\"><p>Az ASTRASUN Solar Nyrt. els\u0151 irodagal\u00e9ria megnyit\u00f3j\u00e1ra k\u00e9sz\u00fcl 2025 m\u00e1rcius\u00e1ban.<\/p>\n<\/div><\/div><\/div><div class=\"w-vwrapper usg_vwrapper_2 align_none valign_top\"><a class=\"w-btn us-btn-style_30 usg_btn_1 icon_atright\" href=\"#\"><span class=\"w-btn-label\">B\u0151vebben<\/span><i class=\"fas fa-arrow-right\"><\/i><\/a><div class=\"w-image usg_image_1\"><div class=\"w-image-h\"><img loading=\"lazy\" decoding=\"async\" width=\"1024\" height=\"1024\" src=\"https:\/\/artinoffice.org\/wp-content\/uploads\/2023\/09\/elvalaszto.svg\" class=\"attachment-large size-large\" alt=\"\" \/><\/div><\/div><\/div>\t\t<\/div>\n\t<\/article>\n\t<article class=\"w-grid-item post-13710 post type-post status-publish format-standard has-post-thumbnail hentry category-art-gallery-hu category-art-of-info\" data-id=\"13710\">\n\t\t<div class=\"w-grid-item-h\">\n\t\t\t\t\t\t<div class=\"w-post-elm post_image usg_post_image_1 object-position-top has_height stretched\"><a href=\"https:\/\/artinoffice.org\/hu\/2024\/11\/18\/interju-gerendas-paulaval-az-art-gallery-2024-es-megnyitoja-kapcsan\/\" aria-label=\"Interj\u00fa Gerend\u00e1s Paul\u00e1val az Art Gallery 2024-es megnyit\u00f3ja kapcs\u00e1n\"><img loading=\"lazy\" decoding=\"async\" width=\"600\" height=\"600\" src=\"https:\/\/artinoffice.org\/wp-content\/uploads\/2024\/09\/Gerendas-Paula-portre-1-600x600.jpg\" class=\"attachment-us_600_600_crop size-us_600_600_crop wp-post-image\" alt=\"\" srcset=\"https:\/\/artinoffice.org\/wp-content\/uploads\/2024\/09\/Gerendas-Paula-portre-1-600x600.jpg 600w, https:\/\/artinoffice.org\/wp-content\/uploads\/2024\/09\/Gerendas-Paula-portre-1-150x150.jpg 150w\" sizes=\"auto, (max-width: 600px) 100vw, 600px\" \/><\/a><\/div><div class=\"w-vwrapper usg_vwrapper_1 align_none valign_top\"><h2 class=\"w-post-elm post_title usg_post_title_1 entry-title color_link_inherit\"><a href=\"https:\/\/artinoffice.org\/hu\/2024\/11\/18\/interju-gerendas-paulaval-az-art-gallery-2024-es-megnyitoja-kapcsan\/\">Interj\u00fa Gerend\u00e1s Paul\u00e1val az Art Gallery 2024-es megnyit\u00f3ja kapcs\u00e1n<\/a><\/h2><div class=\"w-hwrapper usg_hwrapper_1 has_text_color align_justify valign_top wrap\" style=\"--hwrapper-gap:1.20rem\"><div class=\"w-post-elm post_content usg_post_content_1\"><p>Gerend\u00e1s Paula mu\u030bv\u00e9szete \u00e9s elhivatotts\u00e1ga inspir\u00e1l\u00f3 p\u00e9ld\u00e1t mutat mindannyiunk sz\u00e1m\u00e1ra. Az alkot\u00e1s ir\u00e1nti szenved\u00e9lye \u00e9s a sz\u00e9ps\u00e9g keres\u00e9se minden egyes festm\u00e9ny\u00e9ben megmutatkozik.<\/p>\n<\/div><\/div><\/div><div class=\"w-vwrapper usg_vwrapper_2 align_none valign_top\"><a class=\"w-btn us-btn-style_30 usg_btn_1 icon_atright\" href=\"#\"><span class=\"w-btn-label\">B\u0151vebben<\/span><i class=\"fas fa-arrow-right\"><\/i><\/a><div class=\"w-image usg_image_1\"><div class=\"w-image-h\"><img loading=\"lazy\" decoding=\"async\" width=\"1024\" height=\"1024\" src=\"https:\/\/artinoffice.org\/wp-content\/uploads\/2023\/09\/elvalaszto.svg\" class=\"attachment-large size-large\" alt=\"\" \/><\/div><\/div><\/div>\t\t<\/div>\n\t<\/article>\n\t<article class=\"w-grid-item post-13622 post type-post status-publish format-standard has-post-thumbnail hentry category-art-gallery-hu category-art-of-info\" data-id=\"13622\">\n\t\t<div class=\"w-grid-item-h\">\n\t\t\t\t\t\t<div class=\"w-post-elm post_image usg_post_image_1 object-position-top has_height stretched\"><a href=\"https:\/\/artinoffice.org\/hu\/2024\/11\/14\/interju-reffy-domonkossal-az-art-gallery-2024-es-megnyitoja-kapcsan\/\" aria-label=\"Interj\u00fa R\u00e9ffy Domonkossal az Art Gallery 2024-es megnyit\u00f3ja kapcs\u00e1n\"><img loading=\"lazy\" decoding=\"async\" width=\"600\" height=\"600\" src=\"https:\/\/artinoffice.org\/wp-content\/uploads\/2024\/11\/Reffy-Domonkos_ARTofINFO_Gallery-Opening-600x600.jpg\" class=\"attachment-us_600_600_crop size-us_600_600_crop wp-post-image\" alt=\"R\u00e9ffy Domonkos_ARTofINFO_Gallery Opening\" srcset=\"https:\/\/artinoffice.org\/wp-content\/uploads\/2024\/11\/Reffy-Domonkos_ARTofINFO_Gallery-Opening-600x600.jpg 600w, https:\/\/artinoffice.org\/wp-content\/uploads\/2024\/11\/Reffy-Domonkos_ARTofINFO_Gallery-Opening-150x150.jpg 150w\" sizes=\"auto, (max-width: 600px) 100vw, 600px\" \/><\/a><\/div><div class=\"w-vwrapper usg_vwrapper_1 align_none valign_top\"><h2 class=\"w-post-elm post_title usg_post_title_1 entry-title color_link_inherit\"><a href=\"https:\/\/artinoffice.org\/hu\/2024\/11\/14\/interju-reffy-domonkossal-az-art-gallery-2024-es-megnyitoja-kapcsan\/\">Interj\u00fa R\u00e9ffy Domonkossal az Art Gallery 2024-es megnyit\u00f3ja kapcs\u00e1n<\/a><\/h2><div class=\"w-hwrapper usg_hwrapper_1 has_text_color align_justify valign_top wrap\" style=\"--hwrapper-gap:1.20rem\"><div class=\"w-post-elm post_content usg_post_content_1\"><p>\u201eNekem az a szabads\u00e1g, hogy a v\u00e9letlenszer\u0171s\u00e9gnek hagyunk teret.\u201d \u2013 R\u00e9ffy Domonkos fest\u0151m\u0171v\u00e9sz mes\u00e9l nek\u00fcnk a m\u0171v\u00e9szet ir\u00e1nti szenved\u00e9ly\u00e9r\u0151l \u00e9s alkot\u00f3i folyamatair\u00f3l.<\/p>\n<\/div><\/div><\/div><div class=\"w-vwrapper usg_vwrapper_2 align_none valign_top\"><a class=\"w-btn us-btn-style_30 usg_btn_1 icon_atright\" href=\"#\"><span class=\"w-btn-label\">B\u0151vebben<\/span><i class=\"fas fa-arrow-right\"><\/i><\/a><div class=\"w-image usg_image_1\"><div class=\"w-image-h\"><img loading=\"lazy\" decoding=\"async\" width=\"1024\" height=\"1024\" src=\"https:\/\/artinoffice.org\/wp-content\/uploads\/2023\/09\/elvalaszto.svg\" class=\"attachment-large size-large\" alt=\"\" \/><\/div><\/div><\/div>\t\t<\/div>\n\t<\/article>\n\t<article class=\"w-grid-item post-13534 post type-post status-publish format-standard has-post-thumbnail hentry category-art-gallery-hu category-art-of-info\" data-id=\"13534\">\n\t\t<div class=\"w-grid-item-h\">\n\t\t\t\t\t\t<div class=\"w-post-elm post_image usg_post_image_1 object-position-top has_height stretched\"><a href=\"https:\/\/artinoffice.org\/hu\/2024\/11\/08\/megnyilt-az-uj-art-gallery\/\" aria-label=\"Megny\u00edlt az \u00faj Art Gallery!\"><img loading=\"lazy\" decoding=\"async\" width=\"600\" height=\"600\" src=\"https:\/\/artinoffice.org\/wp-content\/uploads\/2024\/11\/Shadow_Bodrogi-Judit_ARTofINFO_Gallery-Opening_1-600x600.jpg\" class=\"attachment-us_600_600_crop size-us_600_600_crop wp-post-image\" alt=\"ARTofINFO_Gallery Opening_1\" srcset=\"https:\/\/artinoffice.org\/wp-content\/uploads\/2024\/11\/Shadow_Bodrogi-Judit_ARTofINFO_Gallery-Opening_1-600x600.jpg 600w, https:\/\/artinoffice.org\/wp-content\/uploads\/2024\/11\/Shadow_Bodrogi-Judit_ARTofINFO_Gallery-Opening_1-150x150.jpg 150w\" sizes=\"auto, (max-width: 600px) 100vw, 600px\" \/><\/a><\/div><div class=\"w-vwrapper usg_vwrapper_1 align_none valign_top\"><h2 class=\"w-post-elm post_title usg_post_title_1 entry-title color_link_inherit\"><a href=\"https:\/\/artinoffice.org\/hu\/2024\/11\/08\/megnyilt-az-uj-art-gallery\/\">Megny\u00edlt az \u00faj Art Gallery!<\/a><\/h2><div class=\"w-hwrapper usg_hwrapper_1 has_text_color align_justify valign_top wrap\" style=\"--hwrapper-gap:1.20rem\"><div class=\"w-post-elm post_content usg_post_content_1\"><p>Az idei \u0151sz folyam\u00e1n elrugaszkodtunk a k\u00e9perny\u0151k kereteit\u0151l, hiszen okt\u00f3ber 4-\u00e9n ker\u00fclt sor az \u00faj ki\u00e1ll\u00edt\u00e1sunk megnyit\u00f3j\u00e1ra.<\/p>\n<\/div><\/div><\/div><div class=\"w-vwrapper usg_vwrapper_2 align_none valign_top\"><a class=\"w-btn us-btn-style_30 usg_btn_1 icon_atright\" href=\"#\"><span class=\"w-btn-label\">B\u0151vebben<\/span><i class=\"fas fa-arrow-right\"><\/i><\/a><div class=\"w-image usg_image_1\"><div class=\"w-image-h\"><img loading=\"lazy\" decoding=\"async\" width=\"1024\" height=\"1024\" src=\"https:\/\/artinoffice.org\/wp-content\/uploads\/2023\/09\/elvalaszto.svg\" class=\"attachment-large size-large\" alt=\"\" \/><\/div><\/div><\/div>\t\t<\/div>\n\t<\/article>\n\t<article class=\"w-grid-item post-10859 post type-post status-publish format-standard has-post-thumbnail hentry category-art-gallery-hu category-art-of-info\" data-id=\"10859\">\n\t\t<div class=\"w-grid-item-h\">\n\t\t\t\t\t\t<div class=\"w-post-elm post_image usg_post_image_1 object-position-top has_height stretched\"><a href=\"https:\/\/artinoffice.org\/hu\/2023\/11\/13\/masodik-irodagaleria-megnyitonk-artofinfo\/\" aria-label=\"Art Gallery 2023 megnyit\u00f3\"><img loading=\"lazy\" decoding=\"async\" width=\"600\" height=\"600\" src=\"https:\/\/artinoffice.org\/wp-content\/uploads\/2023\/11\/aoi-artgallery-04-600x600.jpg\" class=\"attachment-us_600_600_crop size-us_600_600_crop wp-post-image\" alt=\"art gallery AOI 2023\" srcset=\"https:\/\/artinoffice.org\/wp-content\/uploads\/2023\/11\/aoi-artgallery-04-600x600.jpg 600w, https:\/\/artinoffice.org\/wp-content\/uploads\/2023\/11\/aoi-artgallery-04-150x150.jpg 150w\" sizes=\"auto, (max-width: 600px) 100vw, 600px\" \/><\/a><\/div><div class=\"w-vwrapper usg_vwrapper_1 align_none valign_top\"><h2 class=\"w-post-elm post_title usg_post_title_1 entry-title color_link_inherit\"><a href=\"https:\/\/artinoffice.org\/hu\/2023\/11\/13\/masodik-irodagaleria-megnyitonk-artofinfo\/\">Art Gallery 2023 megnyit\u00f3<\/a><\/h2><div class=\"w-hwrapper usg_hwrapper_1 has_text_color align_justify valign_top wrap\" style=\"--hwrapper-gap:1.20rem\"><div class=\"w-post-elm post_content usg_post_content_1\">\u00d6r\u00f6mmel osztjuk meg, hogy imm\u00e1ron m\u00e1sodik alkalommal ker\u00fclt c\u00e9g\u00fcnkn\u00e9l megrendez\u00e9sre az irodagal\u00e9ria megnyit\u00f3! Irod\u00e1nkban 2023. november 10-t\u0151l Ign\u00e1cz Magdolna, Kalocsai&hellip;<\/div><\/div><\/div><div class=\"w-vwrapper usg_vwrapper_2 align_none valign_top\"><a class=\"w-btn us-btn-style_30 usg_btn_1 icon_atright\" href=\"#\"><span class=\"w-btn-label\">B\u0151vebben<\/span><i class=\"fas fa-arrow-right\"><\/i><\/a><div class=\"w-image usg_image_1\"><div class=\"w-image-h\"><img loading=\"lazy\" decoding=\"async\" width=\"1024\" height=\"1024\" src=\"https:\/\/artinoffice.org\/wp-content\/uploads\/2023\/09\/elvalaszto.svg\" class=\"attachment-large size-large\" alt=\"\" \/><\/div><\/div><\/div>\t\t<\/div>\n\t<\/article>\n\t<article class=\"w-grid-item post-8160 post type-post status-publish format-standard has-post-thumbnail hentry category-art-gallery-hu category-art-of-info\" data-id=\"8160\">\n\t\t<div class=\"w-grid-item-h\">\n\t\t\t\t\t\t<div class=\"w-post-elm post_image usg_post_image_1 object-position-top has_height stretched\"><a href=\"https:\/\/artinoffice.org\/hu\/2023\/06\/07\/artofinfo-galeria\/\" aria-label=\"Az ArtOfInfo Gal\u00e9ria megnyit\u00f3ja\"><img loading=\"lazy\" decoding=\"async\" width=\"600\" height=\"600\" src=\"https:\/\/artinoffice.org\/wp-content\/uploads\/2023\/06\/aoi-gallery-opening-600x600.jpg\" class=\"attachment-us_600_600_crop size-us_600_600_crop wp-post-image\" alt=\"Els\u0151 AOI gal\u00e9ria\" srcset=\"https:\/\/artinoffice.org\/wp-content\/uploads\/2023\/06\/aoi-gallery-opening-600x600.jpg 600w, https:\/\/artinoffice.org\/wp-content\/uploads\/2023\/06\/aoi-gallery-opening-150x150.jpg 150w\" sizes=\"auto, (max-width: 600px) 100vw, 600px\" \/><\/a><\/div><div class=\"w-vwrapper usg_vwrapper_1 align_none valign_top\"><h2 class=\"w-post-elm post_title usg_post_title_1 entry-title color_link_inherit\"><a href=\"https:\/\/artinoffice.org\/hu\/2023\/06\/07\/artofinfo-galeria\/\">Az ArtOfInfo Gal\u00e9ria megnyit\u00f3ja<\/a><\/h2><div class=\"w-hwrapper usg_hwrapper_1 has_text_color align_justify valign_top wrap\" style=\"--hwrapper-gap:1.20rem\"><div class=\"w-post-elm post_content usg_post_content_1\">Ha egy IT c\u00e9get \u00fagy h\u00edvnak, hogy ARTofINFO, akkor ne csod\u00e1lkozzunk azon, hogy az irod\u00e1ban kort\u00e1rs k\u00e9pek is ki\u00e1ll\u00edt\u00e1sra ker\u00fclnek.&hellip;<\/div><\/div><\/div><div class=\"w-vwrapper usg_vwrapper_2 align_none valign_top\"><a class=\"w-btn us-btn-style_30 usg_btn_1 icon_atright\" href=\"#\"><span class=\"w-btn-label\">B\u0151vebben<\/span><i class=\"fas fa-arrow-right\"><\/i><\/a><div class=\"w-image usg_image_1\"><div class=\"w-image-h\"><img loading=\"lazy\" decoding=\"async\" width=\"1024\" height=\"1024\" src=\"https:\/\/artinoffice.org\/wp-content\/uploads\/2023\/09\/elvalaszto.svg\" class=\"attachment-large size-large\" alt=\"\" \/><\/div><\/div><\/div>\t\t<\/div>\n\t<\/article>\n<\/div><div class=\"w-grid-preloader\"><div class=\"g-preloader type_1\">\n\t<div><\/div>\n<\/div>\n<\/div>\t<div class=\"w-grid-json hidden\" onclick='return {&quot;action&quot;:&quot;us_ajax_grid&quot;,&quot;ajax_url&quot;:&quot;https:\\\/\\\/artinoffice.org\\\/wp-admin\\\/admin-ajax.php&quot;,&quot;infinite_scroll&quot;:0,&quot;max_num_pages&quot;:1,&quot;pagination&quot;:&quot;ajax&quot;,&quot;permalink_url&quot;:&quot;https:\\\/\\\/artinoffice.org\\\/hu\\\/wp-json\\\/wp\\\/v2\\\/pages\\\/8861\\\/&quot;,&quot;template_vars&quot;:{&quot;columns&quot;:&quot;3&quot;,&quot;exclude_items&quot;:&quot;none&quot;,&quot;img_size&quot;:&quot;default&quot;,&quot;ignore_items_size&quot;:0,&quot;items_layout&quot;:&quot;8169&quot;,&quot;items_offset&quot;:&quot;1&quot;,&quot;load_animation&quot;:&quot;none&quot;,&quot;overriding_link&quot;:&quot;none&quot;,&quot;post_id&quot;:0,&quot;query_args&quot;:{&quot;post_type&quot;:[&quot;post&quot;],&quot;tax_query&quot;:[{&quot;taxonomy&quot;:&quot;category&quot;,&quot;field&quot;:&quot;slug&quot;,&quot;terms&quot;:[&quot;art-of-info&quot;]}],&quot;post_status&quot;:[&quot;publish&quot;,&quot;acf-disabled&quot;],&quot;posts_per_page&quot;:&quot;10&quot;},&quot;orderby_query_args&quot;:{&quot;orderby&quot;:{&quot;date&quot;:&quot;DESC&quot;}},&quot;type&quot;:&quot;grid&quot;,&quot;us_grid_ajax_index&quot;:1,&quot;us_grid_filter_params&quot;:null,&quot;us_grid_index&quot;:1,&quot;_us_grid_post_type&quot;:&quot;post&quot;,&quot;page_args&quot;:[]}}'><\/div>\n\t<\/div><\/div><\/div><\/div><\/div><\/div><\/section>\n","protected":false},"excerpt":{"rendered":"Ha egy IT c\u00e9get \u00fagy h\u00edvnak, hogy ARTofINFO, akkor ne csod\u00e1lkozzunk azon, hogy az irod\u00e1ban kort\u00e1rs k\u00e9pek is ki\u00e1ll\u00edt\u00e1sra ker\u00fclnek. De hogy kapcsol\u00f3dik ez a szoftverfejleszt\u00e9shez? Olvasd el LinkedIn-en a megnyit\u00f3r\u00f3l k\u00e9sz\u00fclt cikk\u00fcnket: LinkedIn cikk megtekint\u00e9se","protected":false},"author":123457,"featured_media":0,"parent":0,"menu_order":0,"comment_status":"closed","ping_status":"closed","template":"","meta":{"_acf_changed":false,"footnotes":""},"class_list":["post-8861","page","type-page","status-publish","hentry"],"acf":[],"yoast_head":"<!-- This site is optimized with the Yoast SEO plugin v24.7 - https:\/\/yoast.com\/wordpress\/plugins\/seo\/ -->\n<title>Aktu\u00e1lis h\u00edreink I ARTofINFO<\/title>\n<meta name=\"description\" content=\"Aktu\u00e1lis h\u00edreink, \u00e9rdekess\u00e9gek \u00e9s besz\u00e1mol\u00f3k a szoftverfejleszt\u00e9s vil\u00e1g\u00e1r\u00f3l nem csak szoftverfejleszt\u0151knek!\" \/>\n<meta name=\"robots\" content=\"index, follow, max-snippet:-1, max-image-preview:large, max-video-preview:-1\" \/>\n<link rel=\"canonical\" href=\"https:\/\/artinoffice.org\/hu\/aktualis-hireink\/\" \/>\n<meta property=\"og:locale\" content=\"hu_HU\" \/>\n<meta property=\"og:type\" content=\"article\" \/>\n<meta property=\"og:title\" content=\"Aktu\u00e1lis h\u00edreink I ARTofINFO\" \/>\n<meta property=\"og:description\" content=\"Aktu\u00e1lis h\u00edreink, \u00e9rdekess\u00e9gek \u00e9s besz\u00e1mol\u00f3k a szoftverfejleszt\u00e9s vil\u00e1g\u00e1r\u00f3l nem csak szoftverfejleszt\u0151knek!\" \/>\n<meta property=\"og:url\" content=\"https:\/\/artinoffice.org\/hu\/aktualis-hireink\/\" \/>\n<meta property=\"og:site_name\" content=\"ARTinOFFICE\" \/>\n<meta property=\"article:publisher\" content=\"https:\/\/www.facebook.com\/artofinfo\/\" \/>\n<meta property=\"article:modified_time\" content=\"2024-04-05T06:57:02+00:00\" \/>\n<meta name=\"twitter:card\" content=\"summary_large_image\" \/>\n<meta name=\"twitter:label1\" content=\"Becs\u00fclt olvas\u00e1si id\u0151\" \/>\n\t<meta name=\"twitter:data1\" content=\"1 perc\" \/>\n<script type=\"application\/ld+json\" class=\"yoast-schema-graph\">{\"@context\":\"https:\/\/schema.org\",\"@graph\":[{\"@type\":\"WebPage\",\"@id\":\"https:\/\/artinoffice.org\/hu\/aktualis-hireink\/\",\"url\":\"https:\/\/artinoffice.org\/hu\/aktualis-hireink\/\",\"name\":\"Aktu\u00e1lis h\u00edreink I ARTofINFO\",\"isPartOf\":{\"@id\":\"\/#website\"},\"datePublished\":\"2023-08-11T06:15:01+00:00\",\"dateModified\":\"2024-04-05T06:57:02+00:00\",\"description\":\"Aktu\u00e1lis h\u00edreink, \u00e9rdekess\u00e9gek \u00e9s besz\u00e1mol\u00f3k a szoftverfejleszt\u00e9s vil\u00e1g\u00e1r\u00f3l nem csak szoftverfejleszt\u0151knek!\",\"breadcrumb\":{\"@id\":\"https:\/\/artinoffice.org\/hu\/aktualis-hireink\/#breadcrumb\"},\"inLanguage\":\"hu\",\"potentialAction\":[{\"@type\":\"ReadAction\",\"target\":[\"https:\/\/artinoffice.org\/hu\/aktualis-hireink\/\"]}]},{\"@type\":\"BreadcrumbList\",\"@id\":\"https:\/\/artinoffice.org\/hu\/aktualis-hireink\/#breadcrumb\",\"itemListElement\":[{\"@type\":\"ListItem\",\"position\":1,\"name\":\"Home\",\"item\":\"https:\/\/artinoffice.org\/hu\/\"},{\"@type\":\"ListItem\",\"position\":2,\"name\":\"Aktu\u00e1lis h\u00edreink\"}]},{\"@type\":\"WebSite\",\"@id\":\"\/#website\",\"url\":\"\/\",\"name\":\"artofinfo\",\"description\":\"\",\"publisher\":{\"@id\":\"\/#organization\"},\"potentialAction\":[{\"@type\":\"SearchAction\",\"target\":{\"@type\":\"EntryPoint\",\"urlTemplate\":\"\/?s={search_term_string}\"},\"query-input\":{\"@type\":\"PropertyValueSpecification\",\"valueRequired\":true,\"valueName\":\"search_term_string\"}}],\"inLanguage\":\"hu\"},{\"@type\":\"Organization\",\"@id\":\"\/#organization\",\"name\":\"ARTofINFO Kft.\",\"url\":\"\/\",\"logo\":{\"@type\":\"ImageObject\",\"inLanguage\":\"hu\",\"@id\":\"\/#\/schema\/logo\/image\/\",\"url\":\"http:\/\/artinoffice.org\/wp-content\/uploads\/2023\/09\/artofinfo_logo_website.svg\",\"contentUrl\":\"http:\/\/artinoffice.org\/wp-content\/uploads\/2023\/09\/artofinfo_logo_website.svg\",\"width\":\"1024\",\"height\":\"1024\",\"caption\":\"ARTofINFO Kft.\"},\"image\":{\"@id\":\"\/#\/schema\/logo\/image\/\"},\"sameAs\":[\"https:\/\/www.facebook.com\/artofinfo\/\",\"https:\/\/www.instagram.com\/artofinfokft\/\",\"https:\/\/hu.linkedin.com\/company\/artofinfo\",\"https:\/\/dreamjobs.hu\/hu\/company\/artofinfo-kft\"]}]}<\/script>\n<!-- \/ Yoast SEO plugin. -->","yoast_head_json":{"title":"Aktu\u00e1lis h\u00edreink I ARTofINFO","description":"Aktu\u00e1lis h\u00edreink, \u00e9rdekess\u00e9gek \u00e9s besz\u00e1mol\u00f3k a szoftverfejleszt\u00e9s vil\u00e1g\u00e1r\u00f3l nem csak szoftverfejleszt\u0151knek!","robots":{"index":"index","follow":"follow","max-snippet":"max-snippet:-1","max-image-preview":"max-image-preview:large","max-video-preview":"max-video-preview:-1"},"canonical":"https:\/\/artinoffice.org\/hu\/aktualis-hireink\/","og_locale":"hu_HU","og_type":"article","og_title":"Aktu\u00e1lis h\u00edreink I ARTofINFO","og_description":"Aktu\u00e1lis h\u00edreink, \u00e9rdekess\u00e9gek \u00e9s besz\u00e1mol\u00f3k a szoftverfejleszt\u00e9s vil\u00e1g\u00e1r\u00f3l nem csak szoftverfejleszt\u0151knek!","og_url":"https:\/\/artinoffice.org\/hu\/aktualis-hireink\/","og_site_name":"ARTinOFFICE","article_publisher":"https:\/\/www.facebook.com\/artofinfo\/","article_modified_time":"2024-04-05T06:57:02+00:00","twitter_card":"summary_large_image","twitter_misc":{"Becs\u00fclt olvas\u00e1si id\u0151":"1 perc"},"schema":{"@context":"https:\/\/schema.org","@graph":[{"@type":"WebPage","@id":"https:\/\/artinoffice.org\/hu\/aktualis-hireink\/","url":"https:\/\/artinoffice.org\/hu\/aktualis-hireink\/","name":"Aktu\u00e1lis h\u00edreink I ARTofINFO","isPartOf":{"@id":"\/#website"},"datePublished":"2023-08-11T06:15:01+00:00","dateModified":"2024-04-05T06:57:02+00:00","description":"Aktu\u00e1lis h\u00edreink, \u00e9rdekess\u00e9gek \u00e9s besz\u00e1mol\u00f3k a szoftverfejleszt\u00e9s vil\u00e1g\u00e1r\u00f3l nem csak szoftverfejleszt\u0151knek!","breadcrumb":{"@id":"https:\/\/artinoffice.org\/hu\/aktualis-hireink\/#breadcrumb"},"inLanguage":"hu","potentialAction":[{"@type":"ReadAction","target":["https:\/\/artinoffice.org\/hu\/aktualis-hireink\/"]}]},{"@type":"BreadcrumbList","@id":"https:\/\/artinoffice.org\/hu\/aktualis-hireink\/#breadcrumb","itemListElement":[{"@type":"ListItem","position":1,"name":"Home","item":"https:\/\/artinoffice.org\/hu\/"},{"@type":"ListItem","position":2,"name":"Aktu\u00e1lis h\u00edreink"}]},{"@type":"WebSite","@id":"\/#website","url":"\/","name":"artofinfo","description":"","publisher":{"@id":"\/#organization"},"potentialAction":[{"@type":"SearchAction","target":{"@type":"EntryPoint","urlTemplate":"\/?s={search_term_string}"},"query-input":{"@type":"PropertyValueSpecification","valueRequired":true,"valueName":"search_term_string"}}],"inLanguage":"hu"},{"@type":"Organization","@id":"\/#organization","name":"ARTofINFO Kft.","url":"\/","logo":{"@type":"ImageObject","inLanguage":"hu","@id":"\/#\/schema\/logo\/image\/","url":"http:\/\/artinoffice.org\/wp-content\/uploads\/2023\/09\/artofinfo_logo_website.svg","contentUrl":"http:\/\/artinoffice.org\/wp-content\/uploads\/2023\/09\/artofinfo_logo_website.svg","width":"1024","height":"1024","caption":"ARTofINFO Kft."},"image":{"@id":"\/#\/schema\/logo\/image\/"},"sameAs":["https:\/\/www.facebook.com\/artofinfo\/","https:\/\/www.instagram.com\/artofinfokft\/","https:\/\/hu.linkedin.com\/company\/artofinfo","https:\/\/dreamjobs.hu\/hu\/company\/artofinfo-kft"]}]}},"_links":{"self":[{"href":"https:\/\/artinoffice.org\/hu\/wp-json\/wp\/v2\/pages\/8861","targetHints":{"allow":["GET"]}}],"collection":[{"href":"https:\/\/artinoffice.org\/hu\/wp-json\/wp\/v2\/pages"}],"about":[{"href":"https:\/\/artinoffice.org\/hu\/wp-json\/wp\/v2\/types\/page"}],"author":[{"embeddable":true,"href":"https:\/\/artinoffice.org\/hu\/wp-json\/wp\/v2\/users\/123457"}],"replies":[{"embeddable":true,"href":"https:\/\/artinoffice.org\/hu\/wp-json\/wp\/v2\/comments?post=8861"}],"version-history":[{"count":6,"href":"https:\/\/artinoffice.org\/hu\/wp-json\/wp\/v2\/pages\/8861\/revisions"}],"predecessor-version":[{"id":11192,"href":"https:\/\/artinoffice.org\/hu\/wp-json\/wp\/v2\/pages\/8861\/revisions\/11192"}],"wp:attachment":[{"href":"https:\/\/artinoffice.org\/hu\/wp-json\/wp\/v2\/media?parent=8861"}],"curies":[{"name":"wp","href":"https:\/\/api.w.org\/{rel}","templated":true}]}}